{"id":1297,"date":"2023-06-05T12:18:24","date_gmt":"2023-06-05T10:18:24","guid":{"rendered":"https:\/\/ivcie24.comith.eu\/preventieplannen\/"},"modified":"2023-09-05T11:15:45","modified_gmt":"2023-09-05T09:15:45","slug":"abfallvermeidungsplaene","status":"publish","type":"page","link":"https:\/\/ivcie24.comith.eu\/de\/abfallvermeidungsplaene\/","title":{"rendered":"Abfallvermeidungspl\u00e4ne"},"content":{"rendered":"<section class=\"wpb-content-wrapper\"><p>[vc_section css_animation=&#8220;none&#8220; el_class=&#8220;pageHeadImage&#8220;][vc_row el_class=&#8220;container&#8220;][vc_column][vc_empty_space][vc_column_text]<\/p>\n<h1>4. Abfallvermeidungspl\u00e4ne<\/h1>\n<p>[\/vc_column_text][vc_row_inner][vc_column_inner width=&#8220;2\/3&#8243;][vc_empty_space height=&#8220;75px&#8220;][vc_column_text]2022 mussten f\u00fcr den Zeitraum 2022-2025 wieder die Allgemeinen Abfallvermeidungspl\u00e4ne bei der IVK eingereicht werden.<\/p>\n<p>Allgemeine Abfallvermeidungspl\u00e4ne m\u00fcssen von Unternehmen eingereicht werden, die mindestens 300 Tonnen Einwegverpackungen auf den belgischen Markt bringen, oder in Belgien G\u00fcter verpacken (lassen), um sie auf den belgischen Markt zu bringen, wobei mindestens 100 Tonnen Einwegverpackungen anfallen. Der Abfallvermeidungsplan befolgt den Zweck, Unternehmen zu veranlassen, strukturiert dar\u00fcber nachzudenken, wie sie Abfall vermeiden und reduzieren k\u00f6nnen. Diese Unternehmen m\u00fcssen um die drei Jahren einen neuen Abfallvermeidungsplan aufstellen und diesen bei der IVK einreichen oder sich an einem sektoriellen Abfallvermeidungsplan ihres Sektorverbandes beteiligen.<\/p>\n<p>Die Beurteilung der Abfallvermeidungspl\u00e4ne wurde 2023 abgeschlossen.[\/vc_column_text][vc_empty_space height=&#8220;75px&#8220;][\/vc_column_inner][vc_column_inner width=&#8220;1\/3&#8243;][\/vc_column_inner][\/vc_row_inner][\/vc_column][\/vc_row][\/vc_section][vc_section css_animation=&#8220;none&#8220;][vc_row el_class=&#8220;container&#8220;][vc_column][vc_column_text]<\/p>\n<h2><span style=\"text-decoration: underline;\">4.1<\/span> <strong>Individuelle<\/strong> Abfallvermeidungspl\u00e4ne<\/h2>\n<p>[\/vc_column_text][vc_column_text]Unterm Strich wurden 191 individuelle Abfallvermeidungspl\u00e4ne eingereicht.[\/vc_column_text][\/vc_column][\/vc_row][\/vc_section][vc_section css_animation=&#8220;none&#8220;][vc_row el_class=&#8220;container&#8220;][vc_column][vc_column_text]<\/p>\n<h2><span style=\"text-decoration: underline;\">4.2<\/span> <strong>Sektorielle<\/strong> Abfallvermeidungspl\u00e4ne<\/h2>\n<p>[\/vc_column_text][vc_column_text]Au\u00dferdem wurden insgesamt 20 sektorielle Abfallvermeidungspl\u00e4ne eingereicht. Diese ber\u00fccksichtigen 476 Unternehmen, wovon 289 zu denen geh\u00f6ren, die von der IVK aufgefordert wurden, einen Abfallvermeidungsplan 2022-2025 aufzustellen.[\/vc_column_text][\/vc_column][\/vc_row][\/vc_section]<\/p>\n<\/section>","protected":false},"excerpt":{"rendered":"<p>[vc_section css_animation=&#8220;none&#8220; el_class=&#8220;pageHeadImage&#8220;][vc_row el_class=&#8220;container&#8220;][vc_column][vc_empty_space][vc_column_text] 4. Abfallvermeidungspl\u00e4ne [\/vc_column_text][vc_row_inner][vc_column_inner width=&#8220;2\/3&#8243;][vc_empty_space height=&#8220;75px&#8220;][vc_column_text]2022 mussten f\u00fcr den Zeitraum 2022-2025 wieder die Allgemeinen Abfallvermeidungspl\u00e4ne bei der IVK eingereicht werden. Allgemeine Abfallvermeidungspl\u00e4ne m\u00fcssen von Unternehmen eingereicht werden, die mindestens 300 Tonnen Einwegverpackungen auf den belgischen Markt bringen, oder in Belgien G\u00fcter verpacken (lassen), um sie auf den belgischen Markt zu bringen, wobei [&hellip;]<\/p>\n","protected":false},"author":1,"featured_media":400,"parent":0,"menu_order":0,"comment_status":"closed","ping_status":"closed","template":"","meta":{"_acf_changed":false,"inline_featured_image":false,"footnotes":""},"class_list":["post-1297","page","type-page","status-publish","hentry"],"acf":[],"yoast_head":"<!-- This site is optimized with the Yoast SEO plugin v25.3.1 - https:\/\/yoast.com\/wordpress\/plugins\/seo\/ -->\n<title>Abfallvermeidungspl\u00e4ne | IVC Activiteitenverslag 2022<\/title>\n<meta name=\"robots\" content=\"index, follow, max-snippet:-1, max-image-preview:large, max-video-preview:-1\" \/>\n<link rel=\"canonical\" href=\"https:\/\/ivcie24.comith.eu\/de\/abfallvermeidungsplaene\/\" \/>\n<meta property=\"og:locale\" content=\"de_DE\" \/>\n<meta property=\"og:type\" content=\"article\" \/>\n<meta property=\"og:title\" content=\"Abfallvermeidungspl\u00e4ne | IVC Activiteitenverslag 2022\" \/>\n<meta property=\"og:description\" content=\"[vc_section css_animation=&#8220;none&#8220; el_class=&#8220;pageHeadImage&#8220;][vc_row el_class=&#8220;container&#8220;][vc_column][vc_empty_space][vc_column_text] 4. Abfallvermeidungspl\u00e4ne [\/vc_column_text][vc_row_inner][vc_column_inner width=&#8220;2\/3&#8243;][vc_empty_space height=&#8220;75px&#8220;][vc_column_text]2022 mussten f\u00fcr den Zeitraum 2022-2025 wieder die Allgemeinen Abfallvermeidungspl\u00e4ne bei der IVK eingereicht werden. Allgemeine Abfallvermeidungspl\u00e4ne m\u00fcssen von Unternehmen eingereicht werden, die mindestens 300 Tonnen Einwegverpackungen auf den belgischen Markt bringen, oder in Belgien G\u00fcter verpacken (lassen), um sie auf den belgischen Markt zu bringen, wobei [&hellip;]\" \/>\n<meta property=\"og:url\" content=\"https:\/\/ivcie24.comith.eu\/de\/abfallvermeidungsplaene\/\" \/>\n<meta property=\"og:site_name\" content=\"IVC Activiteitenverslag 2022\" \/>\n<meta property=\"article:publisher\" content=\"https:\/\/www.facebook.com\/Interregionale.verpakkingscommissie\" \/>\n<meta property=\"article:modified_time\" content=\"2023-09-05T09:15:45+00:00\" \/>\n<meta property=\"og:image\" content=\"https:\/\/ivcie24.comith.eu\/wp-content\/uploads\/2023\/06\/Preventie-1.jpg\" \/>\n\t<meta property=\"og:image:width\" content=\"1200\" \/>\n\t<meta property=\"og:image:height\" content=\"800\" \/>\n\t<meta property=\"og:image:type\" content=\"image\/jpeg\" \/>\n<meta name=\"twitter:card\" content=\"summary_large_image\" \/>\n<meta name=\"twitter:label1\" content=\"Gesch\u00e4tzte Lesezeit\" \/>\n\t<meta name=\"twitter:data1\" content=\"1\u00a0Minute\" \/>\n<script type=\"application\/ld+json\" class=\"yoast-schema-graph\">{\"@context\":\"https:\/\/schema.org\",\"@graph\":[{\"@type\":\"WebPage\",\"@id\":\"https:\/\/ivcie24.comith.eu\/de\/abfallvermeidungsplaene\/\",\"url\":\"https:\/\/ivcie24.comith.eu\/de\/abfallvermeidungsplaene\/\",\"name\":\"Abfallvermeidungspl\u00e4ne | IVC Activiteitenverslag 2022\",\"isPartOf\":{\"@id\":\"https:\/\/ivcie24.comith.eu\/#website\"},\"primaryImageOfPage\":{\"@id\":\"https:\/\/ivcie24.comith.eu\/de\/abfallvermeidungsplaene\/#primaryimage\"},\"image\":{\"@id\":\"https:\/\/ivcie24.comith.eu\/de\/abfallvermeidungsplaene\/#primaryimage\"},\"thumbnailUrl\":\"https:\/\/ivcie24.comith.eu\/wp-content\/uploads\/2023\/06\/Preventie-1.jpg\",\"datePublished\":\"2023-06-05T10:18:24+00:00\",\"dateModified\":\"2023-09-05T09:15:45+00:00\",\"breadcrumb\":{\"@id\":\"https:\/\/ivcie24.comith.eu\/de\/abfallvermeidungsplaene\/#breadcrumb\"},\"inLanguage\":\"de\",\"potentialAction\":[{\"@type\":\"ReadAction\",\"target\":[\"https:\/\/ivcie24.comith.eu\/de\/abfallvermeidungsplaene\/\"]}]},{\"@type\":\"ImageObject\",\"inLanguage\":\"de\",\"@id\":\"https:\/\/ivcie24.comith.eu\/de\/abfallvermeidungsplaene\/#primaryimage\",\"url\":\"https:\/\/ivcie24.comith.eu\/wp-content\/uploads\/2023\/06\/Preventie-1.jpg\",\"contentUrl\":\"https:\/\/ivcie24.comith.eu\/wp-content\/uploads\/2023\/06\/Preventie-1.jpg\",\"width\":1200,\"height\":800},{\"@type\":\"BreadcrumbList\",\"@id\":\"https:\/\/ivcie24.comith.eu\/de\/abfallvermeidungsplaene\/#breadcrumb\",\"itemListElement\":[{\"@type\":\"ListItem\",\"position\":1,\"name\":\"Home\",\"item\":\"https:\/\/ivcie24.comith.eu\/de\/\"},{\"@type\":\"ListItem\",\"position\":2,\"name\":\"Abfallvermeidungspl\u00e4ne\"}]},{\"@type\":\"WebSite\",\"@id\":\"https:\/\/ivcie24.comith.eu\/#website\",\"url\":\"https:\/\/ivcie24.comith.eu\/\",\"name\":\"Activiteitenverslag Ivcie 2022\",\"description\":\"\",\"publisher\":{\"@id\":\"https:\/\/ivcie24.comith.eu\/#organization\"},\"potentialAction\":[{\"@type\":\"SearchAction\",\"target\":{\"@type\":\"EntryPoint\",\"urlTemplate\":\"https:\/\/ivcie24.comith.eu\/?s={search_term_string}\"},\"query-input\":{\"@type\":\"PropertyValueSpecification\",\"valueRequired\":true,\"valueName\":\"search_term_string\"}}],\"inLanguage\":\"de\"},{\"@type\":\"Organization\",\"@id\":\"https:\/\/ivcie24.comith.eu\/#organization\",\"name\":\"Ivcie\",\"url\":\"https:\/\/ivcie24.comith.eu\/\",\"logo\":{\"@type\":\"ImageObject\",\"inLanguage\":\"de\",\"@id\":\"https:\/\/ivcie24.comith.eu\/#\/schema\/logo\/image\/\",\"url\":\"https:\/\/ivcie24.comith.eu\/wp-content\/uploads\/2023\/06\/logo-ivcie.svg\",\"contentUrl\":\"https:\/\/ivcie24.comith.eu\/wp-content\/uploads\/2023\/06\/logo-ivcie.svg\",\"width\":\"1024\",\"height\":\"1024\",\"caption\":\"Ivcie\"},\"image\":{\"@id\":\"https:\/\/ivcie24.comith.eu\/#\/schema\/logo\/image\/\"},\"sameAs\":[\"https:\/\/www.facebook.com\/Interregionale.verpakkingscommissie\"]}]}<\/script>\n<!-- \/ Yoast SEO plugin. -->","yoast_head_json":{"title":"Abfallvermeidungspl\u00e4ne | IVC Activiteitenverslag 2022","robots":{"index":"index","follow":"follow","max-snippet":"max-snippet:-1","max-image-preview":"max-image-preview:large","max-video-preview":"max-video-preview:-1"},"canonical":"https:\/\/ivcie24.comith.eu\/de\/abfallvermeidungsplaene\/","og_locale":"de_DE","og_type":"article","og_title":"Abfallvermeidungspl\u00e4ne | IVC Activiteitenverslag 2022","og_description":"[vc_section css_animation=&#8220;none&#8220; el_class=&#8220;pageHeadImage&#8220;][vc_row el_class=&#8220;container&#8220;][vc_column][vc_empty_space][vc_column_text] 4. Abfallvermeidungspl\u00e4ne [\/vc_column_text][vc_row_inner][vc_column_inner width=&#8220;2\/3&#8243;][vc_empty_space height=&#8220;75px&#8220;][vc_column_text]2022 mussten f\u00fcr den Zeitraum 2022-2025 wieder die Allgemeinen Abfallvermeidungspl\u00e4ne bei der IVK eingereicht werden. Allgemeine Abfallvermeidungspl\u00e4ne m\u00fcssen von Unternehmen eingereicht werden, die mindestens 300 Tonnen Einwegverpackungen auf den belgischen Markt bringen, oder in Belgien G\u00fcter verpacken (lassen), um sie auf den belgischen Markt zu bringen, wobei [&hellip;]","og_url":"https:\/\/ivcie24.comith.eu\/de\/abfallvermeidungsplaene\/","og_site_name":"IVC Activiteitenverslag 2022","article_publisher":"https:\/\/www.facebook.com\/Interregionale.verpakkingscommissie","article_modified_time":"2023-09-05T09:15:45+00:00","og_image":[{"width":1200,"height":800,"url":"https:\/\/ivcie24.comith.eu\/wp-content\/uploads\/2023\/06\/Preventie-1.jpg","type":"image\/jpeg"}],"twitter_card":"summary_large_image","twitter_misc":{"Gesch\u00e4tzte Lesezeit":"1\u00a0Minute"},"schema":{"@context":"https:\/\/schema.org","@graph":[{"@type":"WebPage","@id":"https:\/\/ivcie24.comith.eu\/de\/abfallvermeidungsplaene\/","url":"https:\/\/ivcie24.comith.eu\/de\/abfallvermeidungsplaene\/","name":"Abfallvermeidungspl\u00e4ne | IVC Activiteitenverslag 2022","isPartOf":{"@id":"https:\/\/ivcie24.comith.eu\/#website"},"primaryImageOfPage":{"@id":"https:\/\/ivcie24.comith.eu\/de\/abfallvermeidungsplaene\/#primaryimage"},"image":{"@id":"https:\/\/ivcie24.comith.eu\/de\/abfallvermeidungsplaene\/#primaryimage"},"thumbnailUrl":"https:\/\/ivcie24.comith.eu\/wp-content\/uploads\/2023\/06\/Preventie-1.jpg","datePublished":"2023-06-05T10:18:24+00:00","dateModified":"2023-09-05T09:15:45+00:00","breadcrumb":{"@id":"https:\/\/ivcie24.comith.eu\/de\/abfallvermeidungsplaene\/#breadcrumb"},"inLanguage":"de","potentialAction":[{"@type":"ReadAction","target":["https:\/\/ivcie24.comith.eu\/de\/abfallvermeidungsplaene\/"]}]},{"@type":"ImageObject","inLanguage":"de","@id":"https:\/\/ivcie24.comith.eu\/de\/abfallvermeidungsplaene\/#primaryimage","url":"https:\/\/ivcie24.comith.eu\/wp-content\/uploads\/2023\/06\/Preventie-1.jpg","contentUrl":"https:\/\/ivcie24.comith.eu\/wp-content\/uploads\/2023\/06\/Preventie-1.jpg","width":1200,"height":800},{"@type":"BreadcrumbList","@id":"https:\/\/ivcie24.comith.eu\/de\/abfallvermeidungsplaene\/#breadcrumb","itemListElement":[{"@type":"ListItem","position":1,"name":"Home","item":"https:\/\/ivcie24.comith.eu\/de\/"},{"@type":"ListItem","position":2,"name":"Abfallvermeidungspl\u00e4ne"}]},{"@type":"WebSite","@id":"https:\/\/ivcie24.comith.eu\/#website","url":"https:\/\/ivcie24.comith.eu\/","name":"Activiteitenverslag Ivcie 2022","description":"","publisher":{"@id":"https:\/\/ivcie24.comith.eu\/#organization"},"potentialAction":[{"@type":"SearchAction","target":{"@type":"EntryPoint","urlTemplate":"https:\/\/ivcie24.comith.eu\/?s={search_term_string}"},"query-input":{"@type":"PropertyValueSpecification","valueRequired":true,"valueName":"search_term_string"}}],"inLanguage":"de"},{"@type":"Organization","@id":"https:\/\/ivcie24.comith.eu\/#organization","name":"Ivcie","url":"https:\/\/ivcie24.comith.eu\/","logo":{"@type":"ImageObject","inLanguage":"de","@id":"https:\/\/ivcie24.comith.eu\/#\/schema\/logo\/image\/","url":"https:\/\/ivcie24.comith.eu\/wp-content\/uploads\/2023\/06\/logo-ivcie.svg","contentUrl":"https:\/\/ivcie24.comith.eu\/wp-content\/uploads\/2023\/06\/logo-ivcie.svg","width":"1024","height":"1024","caption":"Ivcie"},"image":{"@id":"https:\/\/ivcie24.comith.eu\/#\/schema\/logo\/image\/"},"sameAs":["https:\/\/www.facebook.com\/Interregionale.verpakkingscommissie"]}]}},"_links":{"self":[{"href":"https:\/\/ivcie24.comith.eu\/de\/wp-json\/wp\/v2\/pages\/1297","targetHints":{"allow":["GET"]}}],"collection":[{"href":"https:\/\/ivcie24.comith.eu\/de\/wp-json\/wp\/v2\/pages"}],"about":[{"href":"https:\/\/ivcie24.comith.eu\/de\/wp-json\/wp\/v2\/types\/page"}],"author":[{"embeddable":true,"href":"https:\/\/ivcie24.comith.eu\/de\/wp-json\/wp\/v2\/users\/1"}],"replies":[{"embeddable":true,"href":"https:\/\/ivcie24.comith.eu\/de\/wp-json\/wp\/v2\/comments?post=1297"}],"version-history":[{"count":4,"href":"https:\/\/ivcie24.comith.eu\/de\/wp-json\/wp\/v2\/pages\/1297\/revisions"}],"predecessor-version":[{"id":2357,"href":"https:\/\/ivcie24.comith.eu\/de\/wp-json\/wp\/v2\/pages\/1297\/revisions\/2357"}],"wp:featuredmedia":[{"embeddable":true,"href":"https:\/\/ivcie24.comith.eu\/de\/wp-json\/wp\/v2\/media\/400"}],"wp:attachment":[{"href":"https:\/\/ivcie24.comith.eu\/de\/wp-json\/wp\/v2\/media?parent=1297"}],"curies":[{"name":"wp","href":"https:\/\/api.w.org\/{rel}","templated":true}]}}