{"id":1306,"date":"2023-06-05T12:19:26","date_gmt":"2023-06-05T10:19:26","guid":{"rendered":"https:\/\/ivcie24.comith.eu\/doorvoer-van-afvalstoffen\/"},"modified":"2024-05-14T12:27:03","modified_gmt":"2024-05-14T10:27:03","slug":"durchfuhr-von-abfaellen","status":"publish","type":"page","link":"https:\/\/ivcie24.comith.eu\/de\/durchfuhr-von-abfaellen\/","title":{"rendered":"Durchfuhr von Abf\u00e4llen"},"content":{"rendered":"<section class=\"wpb-content-wrapper\"><p>[vc_section css_animation=&#8220;none&#8220; el_class=&#8220;pageHeadImage&#8220;][vc_row el_class=&#8220;container&#8220;][vc_column][vc_empty_space][vc_column_text]<\/p>\n<h1>7. Durchfuhr von Abf\u00e4llen<\/h1>\n<p>[\/vc_column_text][vc_row_inner][vc_column_inner width=&#8220;2\/3&#8243;][vc_empty_space height=&#8220;50px&#8220;][vc_column_text]Die IVK beurteilt und bearbeitet Notifizierungen und Transportmeldungen von Abfall, der nur durch Belgien durchgef\u00fchrt wird, und f\u00fcr den das Notifizierungsverfahren zur Anwendung kommt. Es handelt sich also um Abfall, der nicht aus Belgien stammt, und in unserem Land auch nicht entsorgt werden soll.<\/p>\n<p>Wenn ein Notifizierender eine Notifizierung einreicht, dann beabsichtigt er, innerhalb einer bestimmten Zeit eine genau identifizierte Abfallmenge durchf\u00fchren zu lassen, und zwar:<\/p>\n<ul>\n<li>in einem einzigen Transport oder auf mehrere verteilt,<\/li>\n<li>jedes Mal auf denselben Transportwegen,<\/li>\n<li>Versandort, Bestimmungsort und Typ der Ladung sind identisch.<\/li>\n<\/ul>\n<p>Die IVK muss als belgische Durchfuhrbeh\u00f6rde die Notifizierung zuerst genehmigen, bevor die Transporte stattfinden k\u00f6nnen.[\/vc_column_text][vc_empty_space height=&#8220;50px&#8220;][\/vc_column_inner][vc_column_inner width=&#8220;1\/3&#8243;][\/vc_column_inner][\/vc_row_inner][\/vc_column][\/vc_row][\/vc_section][vc_section css_animation=&#8220;none&#8220;][vc_row el_class=&#8220;container&#8220;][vc_column][vc_column_text]<\/p>\n<h2><span style=\"text-decoration: underline;\">7.1<\/span> Evolution der Anzahl der <strong>Notifizierungen<\/strong><\/h2>\n<p>[\/vc_column_text][\/vc_column][\/vc_row][vc_row equal_height=&#8220;yes&#8220; content_placement=&#8220;middle&#8220; el_class=&#8220;container&#8220;][vc_column width=&#8220;1\/2&#8243;][vc_single_image image=&#8220;2215&#8243; img_size=&#8220;full&#8220; alignment=&#8220;center&#8220; onclick=&#8220;link_image&#8220; el_class=&#8220;max400&#8243;][\/vc_column][vc_column width=&#8220;1\/2&#8243;][vc_column_text]Im Rahmen dieser Notifizierung muss der Notifizierende jeden einzelnen Transport im Voraus anmelden. Dies sind die Voranmeldungen.<\/p>\n<p>Anhand des weitergeleiteten Begleitformulars erhalten die betroffene Beh\u00f6rde, wie auch die IVK als Durchfuhrbeh\u00f6rde, bestimmte Informationen wie<\/p>\n<ul>\n<li>zu welcher Notifizierung der Transport geh\u00f6rt,<\/li>\n<li>wann der Transport stattfinden soll.<\/li>\n<\/ul>\n<p>Der Notifizierende \u00fcbermittelt der IVK eine Kopie davon mit Angabe des geplanten Abfahrtsdatums. Der Frachtf\u00fchrer bekommt das eigentliche Begleitformular f\u00fcr den Transport mit auf den Weg. Er muss das ausgef\u00fcllte Begleitformular w\u00e4hrend des gesamten Transports mit sich f\u00fchren.[\/vc_column_text][\/vc_column][\/vc_row][\/vc_section][vc_section css_animation=&#8220;none&#8220;][vc_row el_class=&#8220;container&#8220;][vc_column][vc_column_text]<\/p>\n<h2><span style=\"text-decoration: underline;\">7.2<\/span> Evolution der <strong>Anzahl der Transportregistrierungen<\/strong><\/h2>\n<p>[\/vc_column_text][vc_single_image image=&#8220;2828&#8243; img_size=&#8220;large&#8220; alignment=&#8220;center&#8220; onclick=&#8220;link_image&#8220; css_animation=&#8220;none&#8220; el_class=&#8220;max625&#8243;][\/vc_column][\/vc_row][\/vc_section]<\/p>\n<\/section>","protected":false},"excerpt":{"rendered":"<p>[vc_section css_animation=&#8220;none&#8220; el_class=&#8220;pageHeadImage&#8220;][vc_row el_class=&#8220;container&#8220;][vc_column][vc_empty_space][vc_column_text] 7. Durchfuhr von Abf\u00e4llen [\/vc_column_text][vc_row_inner][vc_column_inner width=&#8220;2\/3&#8243;][vc_empty_space height=&#8220;50px&#8220;][vc_column_text]Die IVK beurteilt und bearbeitet Notifizierungen und Transportmeldungen von Abfall, der nur durch Belgien durchgef\u00fchrt wird, und f\u00fcr den das Notifizierungsverfahren zur Anwendung kommt. Es handelt sich also um Abfall, der nicht aus Belgien stammt, und in unserem Land auch nicht entsorgt werden soll. Wenn [&hellip;]<\/p>\n","protected":false},"author":1,"featured_media":376,"parent":0,"menu_order":0,"comment_status":"closed","ping_status":"closed","template":"","meta":{"_acf_changed":false,"inline_featured_image":false,"footnotes":""},"class_list":["post-1306","page","type-page","status-publish","hentry"],"acf":[],"yoast_head":"<!-- This site is optimized with the Yoast SEO plugin v25.3.1 - https:\/\/yoast.com\/wordpress\/plugins\/seo\/ -->\n<title>Durchfuhr von Abf\u00e4llen | IVC Activiteitenverslag 2022<\/title>\n<meta name=\"robots\" content=\"index, follow, max-snippet:-1, max-image-preview:large, max-video-preview:-1\" \/>\n<link rel=\"canonical\" href=\"https:\/\/ivcie24.comith.eu\/de\/durchfuhr-von-abfaellen\/\" \/>\n<meta property=\"og:locale\" content=\"de_DE\" \/>\n<meta property=\"og:type\" content=\"article\" \/>\n<meta property=\"og:title\" content=\"Durchfuhr von Abf\u00e4llen | IVC Activiteitenverslag 2022\" \/>\n<meta property=\"og:description\" content=\"[vc_section css_animation=&#8220;none&#8220; el_class=&#8220;pageHeadImage&#8220;][vc_row el_class=&#8220;container&#8220;][vc_column][vc_empty_space][vc_column_text] 7. Durchfuhr von Abf\u00e4llen [\/vc_column_text][vc_row_inner][vc_column_inner width=&#8220;2\/3&#8243;][vc_empty_space height=&#8220;50px&#8220;][vc_column_text]Die IVK beurteilt und bearbeitet Notifizierungen und Transportmeldungen von Abfall, der nur durch Belgien durchgef\u00fchrt wird, und f\u00fcr den das Notifizierungsverfahren zur Anwendung kommt. Es handelt sich also um Abfall, der nicht aus Belgien stammt, und in unserem Land auch nicht entsorgt werden soll. Wenn [&hellip;]\" \/>\n<meta property=\"og:url\" content=\"https:\/\/ivcie24.comith.eu\/de\/durchfuhr-von-abfaellen\/\" \/>\n<meta property=\"og:site_name\" content=\"IVC Activiteitenverslag 2022\" \/>\n<meta property=\"article:publisher\" content=\"https:\/\/www.facebook.com\/Interregionale.verpakkingscommissie\" \/>\n<meta property=\"article:modified_time\" content=\"2024-05-14T10:27:03+00:00\" \/>\n<meta property=\"og:image\" content=\"https:\/\/ivcie24.comith.eu\/wp-content\/uploads\/2023\/06\/Doorvoer-afvalstoffen.jpg\" \/>\n\t<meta property=\"og:image:width\" content=\"1400\" \/>\n\t<meta property=\"og:image:height\" content=\"785\" \/>\n\t<meta property=\"og:image:type\" content=\"image\/jpeg\" \/>\n<meta name=\"twitter:card\" content=\"summary_large_image\" \/>\n<meta name=\"twitter:label1\" content=\"Gesch\u00e4tzte Lesezeit\" \/>\n\t<meta name=\"twitter:data1\" content=\"2\u00a0Minuten\" \/>\n<script type=\"application\/ld+json\" class=\"yoast-schema-graph\">{\"@context\":\"https:\/\/schema.org\",\"@graph\":[{\"@type\":\"WebPage\",\"@id\":\"https:\/\/ivcie24.comith.eu\/de\/durchfuhr-von-abfaellen\/\",\"url\":\"https:\/\/ivcie24.comith.eu\/de\/durchfuhr-von-abfaellen\/\",\"name\":\"Durchfuhr von Abf\u00e4llen | IVC Activiteitenverslag 2022\",\"isPartOf\":{\"@id\":\"https:\/\/ivcie24.comith.eu\/#website\"},\"primaryImageOfPage\":{\"@id\":\"https:\/\/ivcie24.comith.eu\/de\/durchfuhr-von-abfaellen\/#primaryimage\"},\"image\":{\"@id\":\"https:\/\/ivcie24.comith.eu\/de\/durchfuhr-von-abfaellen\/#primaryimage\"},\"thumbnailUrl\":\"https:\/\/ivcie24.comith.eu\/wp-content\/uploads\/2023\/06\/Doorvoer-afvalstoffen.jpg\",\"datePublished\":\"2023-06-05T10:19:26+00:00\",\"dateModified\":\"2024-05-14T10:27:03+00:00\",\"breadcrumb\":{\"@id\":\"https:\/\/ivcie24.comith.eu\/de\/durchfuhr-von-abfaellen\/#breadcrumb\"},\"inLanguage\":\"de\",\"potentialAction\":[{\"@type\":\"ReadAction\",\"target\":[\"https:\/\/ivcie24.comith.eu\/de\/durchfuhr-von-abfaellen\/\"]}]},{\"@type\":\"ImageObject\",\"inLanguage\":\"de\",\"@id\":\"https:\/\/ivcie24.comith.eu\/de\/durchfuhr-von-abfaellen\/#primaryimage\",\"url\":\"https:\/\/ivcie24.comith.eu\/wp-content\/uploads\/2023\/06\/Doorvoer-afvalstoffen.jpg\",\"contentUrl\":\"https:\/\/ivcie24.comith.eu\/wp-content\/uploads\/2023\/06\/Doorvoer-afvalstoffen.jpg\",\"width\":1400,\"height\":785},{\"@type\":\"BreadcrumbList\",\"@id\":\"https:\/\/ivcie24.comith.eu\/de\/durchfuhr-von-abfaellen\/#breadcrumb\",\"itemListElement\":[{\"@type\":\"ListItem\",\"position\":1,\"name\":\"Home\",\"item\":\"https:\/\/ivcie24.comith.eu\/de\/\"},{\"@type\":\"ListItem\",\"position\":2,\"name\":\"Durchfuhr von Abf\u00e4llen\"}]},{\"@type\":\"WebSite\",\"@id\":\"https:\/\/ivcie24.comith.eu\/#website\",\"url\":\"https:\/\/ivcie24.comith.eu\/\",\"name\":\"Activiteitenverslag Ivcie 2022\",\"description\":\"\",\"publisher\":{\"@id\":\"https:\/\/ivcie24.comith.eu\/#organization\"},\"potentialAction\":[{\"@type\":\"SearchAction\",\"target\":{\"@type\":\"EntryPoint\",\"urlTemplate\":\"https:\/\/ivcie24.comith.eu\/?s={search_term_string}\"},\"query-input\":{\"@type\":\"PropertyValueSpecification\",\"valueRequired\":true,\"valueName\":\"search_term_string\"}}],\"inLanguage\":\"de\"},{\"@type\":\"Organization\",\"@id\":\"https:\/\/ivcie24.comith.eu\/#organization\",\"name\":\"Ivcie\",\"url\":\"https:\/\/ivcie24.comith.eu\/\",\"logo\":{\"@type\":\"ImageObject\",\"inLanguage\":\"de\",\"@id\":\"https:\/\/ivcie24.comith.eu\/#\/schema\/logo\/image\/\",\"url\":\"https:\/\/ivcie24.comith.eu\/wp-content\/uploads\/2023\/06\/logo-ivcie.svg\",\"contentUrl\":\"https:\/\/ivcie24.comith.eu\/wp-content\/uploads\/2023\/06\/logo-ivcie.svg\",\"width\":\"1024\",\"height\":\"1024\",\"caption\":\"Ivcie\"},\"image\":{\"@id\":\"https:\/\/ivcie24.comith.eu\/#\/schema\/logo\/image\/\"},\"sameAs\":[\"https:\/\/www.facebook.com\/Interregionale.verpakkingscommissie\"]}]}<\/script>\n<!-- \/ Yoast SEO plugin. -->","yoast_head_json":{"title":"Durchfuhr von Abf\u00e4llen | IVC Activiteitenverslag 2022","robots":{"index":"index","follow":"follow","max-snippet":"max-snippet:-1","max-image-preview":"max-image-preview:large","max-video-preview":"max-video-preview:-1"},"canonical":"https:\/\/ivcie24.comith.eu\/de\/durchfuhr-von-abfaellen\/","og_locale":"de_DE","og_type":"article","og_title":"Durchfuhr von Abf\u00e4llen | IVC Activiteitenverslag 2022","og_description":"[vc_section css_animation=&#8220;none&#8220; el_class=&#8220;pageHeadImage&#8220;][vc_row el_class=&#8220;container&#8220;][vc_column][vc_empty_space][vc_column_text] 7. Durchfuhr von Abf\u00e4llen [\/vc_column_text][vc_row_inner][vc_column_inner width=&#8220;2\/3&#8243;][vc_empty_space height=&#8220;50px&#8220;][vc_column_text]Die IVK beurteilt und bearbeitet Notifizierungen und Transportmeldungen von Abfall, der nur durch Belgien durchgef\u00fchrt wird, und f\u00fcr den das Notifizierungsverfahren zur Anwendung kommt. Es handelt sich also um Abfall, der nicht aus Belgien stammt, und in unserem Land auch nicht entsorgt werden soll. Wenn [&hellip;]","og_url":"https:\/\/ivcie24.comith.eu\/de\/durchfuhr-von-abfaellen\/","og_site_name":"IVC Activiteitenverslag 2022","article_publisher":"https:\/\/www.facebook.com\/Interregionale.verpakkingscommissie","article_modified_time":"2024-05-14T10:27:03+00:00","og_image":[{"width":1400,"height":785,"url":"https:\/\/ivcie24.comith.eu\/wp-content\/uploads\/2023\/06\/Doorvoer-afvalstoffen.jpg","type":"image\/jpeg"}],"twitter_card":"summary_large_image","twitter_misc":{"Gesch\u00e4tzte Lesezeit":"2\u00a0Minuten"},"schema":{"@context":"https:\/\/schema.org","@graph":[{"@type":"WebPage","@id":"https:\/\/ivcie24.comith.eu\/de\/durchfuhr-von-abfaellen\/","url":"https:\/\/ivcie24.comith.eu\/de\/durchfuhr-von-abfaellen\/","name":"Durchfuhr von Abf\u00e4llen | IVC Activiteitenverslag 2022","isPartOf":{"@id":"https:\/\/ivcie24.comith.eu\/#website"},"primaryImageOfPage":{"@id":"https:\/\/ivcie24.comith.eu\/de\/durchfuhr-von-abfaellen\/#primaryimage"},"image":{"@id":"https:\/\/ivcie24.comith.eu\/de\/durchfuhr-von-abfaellen\/#primaryimage"},"thumbnailUrl":"https:\/\/ivcie24.comith.eu\/wp-content\/uploads\/2023\/06\/Doorvoer-afvalstoffen.jpg","datePublished":"2023-06-05T10:19:26+00:00","dateModified":"2024-05-14T10:27:03+00:00","breadcrumb":{"@id":"https:\/\/ivcie24.comith.eu\/de\/durchfuhr-von-abfaellen\/#breadcrumb"},"inLanguage":"de","potentialAction":[{"@type":"ReadAction","target":["https:\/\/ivcie24.comith.eu\/de\/durchfuhr-von-abfaellen\/"]}]},{"@type":"ImageObject","inLanguage":"de","@id":"https:\/\/ivcie24.comith.eu\/de\/durchfuhr-von-abfaellen\/#primaryimage","url":"https:\/\/ivcie24.comith.eu\/wp-content\/uploads\/2023\/06\/Doorvoer-afvalstoffen.jpg","contentUrl":"https:\/\/ivcie24.comith.eu\/wp-content\/uploads\/2023\/06\/Doorvoer-afvalstoffen.jpg","width":1400,"height":785},{"@type":"BreadcrumbList","@id":"https:\/\/ivcie24.comith.eu\/de\/durchfuhr-von-abfaellen\/#breadcrumb","itemListElement":[{"@type":"ListItem","position":1,"name":"Home","item":"https:\/\/ivcie24.comith.eu\/de\/"},{"@type":"ListItem","position":2,"name":"Durchfuhr von Abf\u00e4llen"}]},{"@type":"WebSite","@id":"https:\/\/ivcie24.comith.eu\/#website","url":"https:\/\/ivcie24.comith.eu\/","name":"Activiteitenverslag Ivcie 2022","description":"","publisher":{"@id":"https:\/\/ivcie24.comith.eu\/#organization"},"potentialAction":[{"@type":"SearchAction","target":{"@type":"EntryPoint","urlTemplate":"https:\/\/ivcie24.comith.eu\/?s={search_term_string}"},"query-input":{"@type":"PropertyValueSpecification","valueRequired":true,"valueName":"search_term_string"}}],"inLanguage":"de"},{"@type":"Organization","@id":"https:\/\/ivcie24.comith.eu\/#organization","name":"Ivcie","url":"https:\/\/ivcie24.comith.eu\/","logo":{"@type":"ImageObject","inLanguage":"de","@id":"https:\/\/ivcie24.comith.eu\/#\/schema\/logo\/image\/","url":"https:\/\/ivcie24.comith.eu\/wp-content\/uploads\/2023\/06\/logo-ivcie.svg","contentUrl":"https:\/\/ivcie24.comith.eu\/wp-content\/uploads\/2023\/06\/logo-ivcie.svg","width":"1024","height":"1024","caption":"Ivcie"},"image":{"@id":"https:\/\/ivcie24.comith.eu\/#\/schema\/logo\/image\/"},"sameAs":["https:\/\/www.facebook.com\/Interregionale.verpakkingscommissie"]}]}},"_links":{"self":[{"href":"https:\/\/ivcie24.comith.eu\/de\/wp-json\/wp\/v2\/pages\/1306","targetHints":{"allow":["GET"]}}],"collection":[{"href":"https:\/\/ivcie24.comith.eu\/de\/wp-json\/wp\/v2\/pages"}],"about":[{"href":"https:\/\/ivcie24.comith.eu\/de\/wp-json\/wp\/v2\/types\/page"}],"author":[{"embeddable":true,"href":"https:\/\/ivcie24.comith.eu\/de\/wp-json\/wp\/v2\/users\/1"}],"replies":[{"embeddable":true,"href":"https:\/\/ivcie24.comith.eu\/de\/wp-json\/wp\/v2\/comments?post=1306"}],"version-history":[{"count":10,"href":"https:\/\/ivcie24.comith.eu\/de\/wp-json\/wp\/v2\/pages\/1306\/revisions"}],"predecessor-version":[{"id":2832,"href":"https:\/\/ivcie24.comith.eu\/de\/wp-json\/wp\/v2\/pages\/1306\/revisions\/2832"}],"wp:featuredmedia":[{"embeddable":true,"href":"https:\/\/ivcie24.comith.eu\/de\/wp-json\/wp\/v2\/media\/376"}],"wp:attachment":[{"href":"https:\/\/ivcie24.comith.eu\/de\/wp-json\/wp\/v2\/media?parent=1306"}],"curies":[{"name":"wp","href":"https:\/\/api.w.org\/{rel}","templated":true}]}}