{"id":792,"date":"2023-06-05T12:18:24","date_gmt":"2023-06-05T10:18:24","guid":{"rendered":"https:\/\/ivcie24.comith.eu\/preventieplannen\/"},"modified":"2023-08-15T14:14:41","modified_gmt":"2023-08-15T12:14:41","slug":"plans-de-prevention","status":"publish","type":"page","link":"https:\/\/ivcie24.comith.eu\/fr\/plans-de-prevention\/","title":{"rendered":"Plans de pr\u00e9vention"},"content":{"rendered":"<section class=\"wpb-content-wrapper\"><p>[vc_section css_animation=\u00a0\u00bbnone\u00a0\u00bb el_class=\u00a0\u00bbpageHeadImage\u00a0\u00bb][vc_row el_class=\u00a0\u00bbcontainer\u00a0\u00bb][vc_column][vc_empty_space][vc_column_text]<\/p>\n<h1>4. Plans de pr\u00e9vention<\/h1>\n<p>[\/vc_column_text][vc_row_inner][vc_column_inner width=\u00a0\u00bb2\/3&Prime;][vc_empty_space height=\u00a0\u00bb75px\u00a0\u00bb][vc_column_text]En 2022, des plans g\u00e9n\u00e9raux de pr\u00e9vention devaient \u00e0 nouveau \u00eatre soumis \u00e0 la CIE, pour la p\u00e9riode 2022-2025.<\/p>\n<p>Le plan g\u00e9n\u00e9ral de pr\u00e9vention est destin\u00e9 aux entreprises qui mettent au moins 300 tonnes d\u2019emballages perdus sur le march\u00e9 belge ou qui emballent ou font emballer des biens en Belgique, destin\u00e9s au march\u00e9 belge, pour un minimum de 100 tonnes d\u2019emballages perdus. Le plan de pr\u00e9vention vise \u00e0 amener ces entreprises \u00e0 r\u00e9fl\u00e9chir de mani\u00e8re structurelle sur les moyens d\u2019\u00e9viter ou de r\u00e9duire les d\u00e9chets d\u2019emballages. Celles-ci doivent \u00e9tablir un plan de pr\u00e9vention tous les trois ans, soit en l\u2019introduisant elles-m\u00eames aupr\u00e8s de la CIE, soit en participant \u00e0 un plan de pr\u00e9vention sectoriel de leur f\u00e9d\u00e9ration sectorielle.<\/p>\n<p>L&rsquo;\u00e9valuation des plans de pr\u00e9vention s\u2019est achev\u00e9e en 2023.[\/vc_column_text][vc_empty_space height=\u00a0\u00bb75px\u00a0\u00bb][\/vc_column_inner][vc_column_inner width=\u00a0\u00bb1\/3&Prime;][\/vc_column_inner][\/vc_row_inner][\/vc_column][\/vc_row][\/vc_section][vc_section css_animation=\u00a0\u00bbnone\u00a0\u00bb][vc_row el_class=\u00a0\u00bbcontainer\u00a0\u00bb][vc_column][vc_column_text]<\/p>\n<h2><span style=\"text-decoration: underline;\">4.1<\/span> Plans de pr\u00e9vention <strong>individuels<\/strong><\/h2>\n<p>[\/vc_column_text][vc_column_text]Il y a eu 191 plans de pr\u00e9vention individuels introduits.[\/vc_column_text][\/vc_column][\/vc_row][\/vc_section][vc_section css_animation=\u00a0\u00bbnone\u00a0\u00bb][vc_row el_class=\u00a0\u00bbcontainer\u00a0\u00bb][vc_column][vc_column_text]<\/p>\n<h2><span style=\"text-decoration: underline;\">4.2<\/span> Plans de pr\u00e9vention <strong>sectoriels<\/strong><\/h2>\n<p>[\/vc_column_text][vc_column_text]Il y a eu 20 plans de pr\u00e9vention sectoriels introduits. Ceux-ci concernent un total de 476 entreprises, dont 289 faisaient partie des entreprises invit\u00e9es par la CIE \u00e0 introduire un plan de pr\u00e9vention 2022-2025.[\/vc_column_text][\/vc_column][\/vc_row][\/vc_section]<\/p>\n<\/section>","protected":false},"excerpt":{"rendered":"<p>[vc_section css_animation=\u00a0\u00bbnone\u00a0\u00bb el_class=\u00a0\u00bbpageHeadImage\u00a0\u00bb][vc_row el_class=\u00a0\u00bbcontainer\u00a0\u00bb][vc_column][vc_empty_space][vc_column_text] 4. Plans de pr\u00e9vention [\/vc_column_text][vc_row_inner][vc_column_inner width=\u00a0\u00bb2\/3&Prime;][vc_empty_space height=\u00a0\u00bb75px\u00a0\u00bb][vc_column_text]En 2022, des plans g\u00e9n\u00e9raux de pr\u00e9vention devaient \u00e0 nouveau \u00eatre soumis \u00e0 la CIE, pour la p\u00e9riode 2022-2025. Le plan g\u00e9n\u00e9ral de pr\u00e9vention est destin\u00e9 aux entreprises qui mettent au moins 300 tonnes d\u2019emballages perdus sur le march\u00e9 belge ou qui emballent ou font [&hellip;]<\/p>\n","protected":false},"author":1,"featured_media":399,"parent":0,"menu_order":0,"comment_status":"closed","ping_status":"closed","template":"","meta":{"_acf_changed":false,"inline_featured_image":false,"footnotes":""},"class_list":["post-792","page","type-page","status-publish","hentry"],"acf":[],"yoast_head":"<!-- This site is optimized with the Yoast SEO plugin v25.3.1 - https:\/\/yoast.com\/wordpress\/plugins\/seo\/ -->\n<title>Plans de pr\u00e9vention | IVC Activiteitenverslag 2022<\/title>\n<meta name=\"robots\" content=\"index, follow, max-snippet:-1, max-image-preview:large, max-video-preview:-1\" \/>\n<link rel=\"canonical\" href=\"https:\/\/ivcie24.comith.eu\/fr\/plans-de-prevention\/\" \/>\n<meta property=\"og:locale\" content=\"fr_FR\" \/>\n<meta property=\"og:type\" content=\"article\" \/>\n<meta property=\"og:title\" content=\"Plans de pr\u00e9vention | IVC Activiteitenverslag 2022\" \/>\n<meta property=\"og:description\" content=\"[vc_section css_animation=\u00a0\u00bbnone\u00a0\u00bb el_class=\u00a0\u00bbpageHeadImage\u00a0\u00bb][vc_row el_class=\u00a0\u00bbcontainer\u00a0\u00bb][vc_column][vc_empty_space][vc_column_text] 4. Plans de pr\u00e9vention [\/vc_column_text][vc_row_inner][vc_column_inner width=\u00a0\u00bb2\/3&Prime;][vc_empty_space height=\u00a0\u00bb75px\u00a0\u00bb][vc_column_text]En 2022, des plans g\u00e9n\u00e9raux de pr\u00e9vention devaient \u00e0 nouveau \u00eatre soumis \u00e0 la CIE, pour la p\u00e9riode 2022-2025. Le plan g\u00e9n\u00e9ral de pr\u00e9vention est destin\u00e9 aux entreprises qui mettent au moins 300 tonnes d\u2019emballages perdus sur le march\u00e9 belge ou qui emballent ou font [&hellip;]\" \/>\n<meta property=\"og:url\" content=\"https:\/\/ivcie24.comith.eu\/fr\/plans-de-prevention\/\" \/>\n<meta property=\"og:site_name\" content=\"IVC Activiteitenverslag 2022\" \/>\n<meta property=\"article:publisher\" content=\"https:\/\/www.facebook.com\/Interregionale.verpakkingscommissie\" \/>\n<meta property=\"article:modified_time\" content=\"2023-08-15T12:14:41+00:00\" \/>\n<meta property=\"og:image\" content=\"https:\/\/ivcie24.comith.eu\/wp-content\/uploads\/2023\/06\/Preventie-1.jpg\" \/>\n\t<meta property=\"og:image:width\" content=\"1200\" \/>\n\t<meta property=\"og:image:height\" content=\"800\" \/>\n\t<meta property=\"og:image:type\" content=\"image\/jpeg\" \/>\n<meta name=\"twitter:card\" content=\"summary_large_image\" \/>\n<meta name=\"twitter:label1\" content=\"Dur\u00e9e de lecture estim\u00e9e\" \/>\n\t<meta name=\"twitter:data1\" content=\"1 minute\" \/>\n<script type=\"application\/ld+json\" class=\"yoast-schema-graph\">{\"@context\":\"https:\/\/schema.org\",\"@graph\":[{\"@type\":\"WebPage\",\"@id\":\"https:\/\/ivcie24.comith.eu\/fr\/plans-de-prevention\/\",\"url\":\"https:\/\/ivcie24.comith.eu\/fr\/plans-de-prevention\/\",\"name\":\"Plans de pr\u00e9vention | IVC Activiteitenverslag 2022\",\"isPartOf\":{\"@id\":\"https:\/\/ivcie24.comith.eu\/#website\"},\"primaryImageOfPage\":{\"@id\":\"https:\/\/ivcie24.comith.eu\/fr\/plans-de-prevention\/#primaryimage\"},\"image\":{\"@id\":\"https:\/\/ivcie24.comith.eu\/fr\/plans-de-prevention\/#primaryimage\"},\"thumbnailUrl\":\"https:\/\/ivcie24.comith.eu\/wp-content\/uploads\/2023\/06\/Preventie-1.jpg\",\"datePublished\":\"2023-06-05T10:18:24+00:00\",\"dateModified\":\"2023-08-15T12:14:41+00:00\",\"breadcrumb\":{\"@id\":\"https:\/\/ivcie24.comith.eu\/fr\/plans-de-prevention\/#breadcrumb\"},\"inLanguage\":\"fr-FR\",\"potentialAction\":[{\"@type\":\"ReadAction\",\"target\":[\"https:\/\/ivcie24.comith.eu\/fr\/plans-de-prevention\/\"]}]},{\"@type\":\"ImageObject\",\"inLanguage\":\"fr-FR\",\"@id\":\"https:\/\/ivcie24.comith.eu\/fr\/plans-de-prevention\/#primaryimage\",\"url\":\"https:\/\/ivcie24.comith.eu\/wp-content\/uploads\/2023\/06\/Preventie-1.jpg\",\"contentUrl\":\"https:\/\/ivcie24.comith.eu\/wp-content\/uploads\/2023\/06\/Preventie-1.jpg\",\"width\":1200,\"height\":800},{\"@type\":\"BreadcrumbList\",\"@id\":\"https:\/\/ivcie24.comith.eu\/fr\/plans-de-prevention\/#breadcrumb\",\"itemListElement\":[{\"@type\":\"ListItem\",\"position\":1,\"name\":\"Home\",\"item\":\"https:\/\/ivcie24.comith.eu\/fr\/\"},{\"@type\":\"ListItem\",\"position\":2,\"name\":\"Plans de pr\u00e9vention\"}]},{\"@type\":\"WebSite\",\"@id\":\"https:\/\/ivcie24.comith.eu\/#website\",\"url\":\"https:\/\/ivcie24.comith.eu\/\",\"name\":\"Activiteitenverslag Ivcie 2022\",\"description\":\"\",\"publisher\":{\"@id\":\"https:\/\/ivcie24.comith.eu\/#organization\"},\"potentialAction\":[{\"@type\":\"SearchAction\",\"target\":{\"@type\":\"EntryPoint\",\"urlTemplate\":\"https:\/\/ivcie24.comith.eu\/?s={search_term_string}\"},\"query-input\":{\"@type\":\"PropertyValueSpecification\",\"valueRequired\":true,\"valueName\":\"search_term_string\"}}],\"inLanguage\":\"fr-FR\"},{\"@type\":\"Organization\",\"@id\":\"https:\/\/ivcie24.comith.eu\/#organization\",\"name\":\"Ivcie\",\"url\":\"https:\/\/ivcie24.comith.eu\/\",\"logo\":{\"@type\":\"ImageObject\",\"inLanguage\":\"fr-FR\",\"@id\":\"https:\/\/ivcie24.comith.eu\/#\/schema\/logo\/image\/\",\"url\":\"https:\/\/ivcie24.comith.eu\/wp-content\/uploads\/2023\/06\/logo-ivcie.svg\",\"contentUrl\":\"https:\/\/ivcie24.comith.eu\/wp-content\/uploads\/2023\/06\/logo-ivcie.svg\",\"width\":\"1024\",\"height\":\"1024\",\"caption\":\"Ivcie\"},\"image\":{\"@id\":\"https:\/\/ivcie24.comith.eu\/#\/schema\/logo\/image\/\"},\"sameAs\":[\"https:\/\/www.facebook.com\/Interregionale.verpakkingscommissie\"]}]}<\/script>\n<!-- \/ Yoast SEO plugin. -->","yoast_head_json":{"title":"Plans de pr\u00e9vention | IVC Activiteitenverslag 2022","robots":{"index":"index","follow":"follow","max-snippet":"max-snippet:-1","max-image-preview":"max-image-preview:large","max-video-preview":"max-video-preview:-1"},"canonical":"https:\/\/ivcie24.comith.eu\/fr\/plans-de-prevention\/","og_locale":"fr_FR","og_type":"article","og_title":"Plans de pr\u00e9vention | IVC Activiteitenverslag 2022","og_description":"[vc_section css_animation=\u00a0\u00bbnone\u00a0\u00bb el_class=\u00a0\u00bbpageHeadImage\u00a0\u00bb][vc_row el_class=\u00a0\u00bbcontainer\u00a0\u00bb][vc_column][vc_empty_space][vc_column_text] 4. Plans de pr\u00e9vention [\/vc_column_text][vc_row_inner][vc_column_inner width=\u00a0\u00bb2\/3&Prime;][vc_empty_space height=\u00a0\u00bb75px\u00a0\u00bb][vc_column_text]En 2022, des plans g\u00e9n\u00e9raux de pr\u00e9vention devaient \u00e0 nouveau \u00eatre soumis \u00e0 la CIE, pour la p\u00e9riode 2022-2025. Le plan g\u00e9n\u00e9ral de pr\u00e9vention est destin\u00e9 aux entreprises qui mettent au moins 300 tonnes d\u2019emballages perdus sur le march\u00e9 belge ou qui emballent ou font [&hellip;]","og_url":"https:\/\/ivcie24.comith.eu\/fr\/plans-de-prevention\/","og_site_name":"IVC Activiteitenverslag 2022","article_publisher":"https:\/\/www.facebook.com\/Interregionale.verpakkingscommissie","article_modified_time":"2023-08-15T12:14:41+00:00","og_image":[{"width":1200,"height":800,"url":"https:\/\/ivcie24.comith.eu\/wp-content\/uploads\/2023\/06\/Preventie-1.jpg","type":"image\/jpeg"}],"twitter_card":"summary_large_image","twitter_misc":{"Dur\u00e9e de lecture estim\u00e9e":"1 minute"},"schema":{"@context":"https:\/\/schema.org","@graph":[{"@type":"WebPage","@id":"https:\/\/ivcie24.comith.eu\/fr\/plans-de-prevention\/","url":"https:\/\/ivcie24.comith.eu\/fr\/plans-de-prevention\/","name":"Plans de pr\u00e9vention | IVC Activiteitenverslag 2022","isPartOf":{"@id":"https:\/\/ivcie24.comith.eu\/#website"},"primaryImageOfPage":{"@id":"https:\/\/ivcie24.comith.eu\/fr\/plans-de-prevention\/#primaryimage"},"image":{"@id":"https:\/\/ivcie24.comith.eu\/fr\/plans-de-prevention\/#primaryimage"},"thumbnailUrl":"https:\/\/ivcie24.comith.eu\/wp-content\/uploads\/2023\/06\/Preventie-1.jpg","datePublished":"2023-06-05T10:18:24+00:00","dateModified":"2023-08-15T12:14:41+00:00","breadcrumb":{"@id":"https:\/\/ivcie24.comith.eu\/fr\/plans-de-prevention\/#breadcrumb"},"inLanguage":"fr-FR","potentialAction":[{"@type":"ReadAction","target":["https:\/\/ivcie24.comith.eu\/fr\/plans-de-prevention\/"]}]},{"@type":"ImageObject","inLanguage":"fr-FR","@id":"https:\/\/ivcie24.comith.eu\/fr\/plans-de-prevention\/#primaryimage","url":"https:\/\/ivcie24.comith.eu\/wp-content\/uploads\/2023\/06\/Preventie-1.jpg","contentUrl":"https:\/\/ivcie24.comith.eu\/wp-content\/uploads\/2023\/06\/Preventie-1.jpg","width":1200,"height":800},{"@type":"BreadcrumbList","@id":"https:\/\/ivcie24.comith.eu\/fr\/plans-de-prevention\/#breadcrumb","itemListElement":[{"@type":"ListItem","position":1,"name":"Home","item":"https:\/\/ivcie24.comith.eu\/fr\/"},{"@type":"ListItem","position":2,"name":"Plans de pr\u00e9vention"}]},{"@type":"WebSite","@id":"https:\/\/ivcie24.comith.eu\/#website","url":"https:\/\/ivcie24.comith.eu\/","name":"Activiteitenverslag Ivcie 2022","description":"","publisher":{"@id":"https:\/\/ivcie24.comith.eu\/#organization"},"potentialAction":[{"@type":"SearchAction","target":{"@type":"EntryPoint","urlTemplate":"https:\/\/ivcie24.comith.eu\/?s={search_term_string}"},"query-input":{"@type":"PropertyValueSpecification","valueRequired":true,"valueName":"search_term_string"}}],"inLanguage":"fr-FR"},{"@type":"Organization","@id":"https:\/\/ivcie24.comith.eu\/#organization","name":"Ivcie","url":"https:\/\/ivcie24.comith.eu\/","logo":{"@type":"ImageObject","inLanguage":"fr-FR","@id":"https:\/\/ivcie24.comith.eu\/#\/schema\/logo\/image\/","url":"https:\/\/ivcie24.comith.eu\/wp-content\/uploads\/2023\/06\/logo-ivcie.svg","contentUrl":"https:\/\/ivcie24.comith.eu\/wp-content\/uploads\/2023\/06\/logo-ivcie.svg","width":"1024","height":"1024","caption":"Ivcie"},"image":{"@id":"https:\/\/ivcie24.comith.eu\/#\/schema\/logo\/image\/"},"sameAs":["https:\/\/www.facebook.com\/Interregionale.verpakkingscommissie"]}]}},"_links":{"self":[{"href":"https:\/\/ivcie24.comith.eu\/fr\/wp-json\/wp\/v2\/pages\/792","targetHints":{"allow":["GET"]}}],"collection":[{"href":"https:\/\/ivcie24.comith.eu\/fr\/wp-json\/wp\/v2\/pages"}],"about":[{"href":"https:\/\/ivcie24.comith.eu\/fr\/wp-json\/wp\/v2\/types\/page"}],"author":[{"embeddable":true,"href":"https:\/\/ivcie24.comith.eu\/fr\/wp-json\/wp\/v2\/users\/1"}],"replies":[{"embeddable":true,"href":"https:\/\/ivcie24.comith.eu\/fr\/wp-json\/wp\/v2\/comments?post=792"}],"version-history":[{"count":8,"href":"https:\/\/ivcie24.comith.eu\/fr\/wp-json\/wp\/v2\/pages\/792\/revisions"}],"predecessor-version":[{"id":1658,"href":"https:\/\/ivcie24.comith.eu\/fr\/wp-json\/wp\/v2\/pages\/792\/revisions\/1658"}],"wp:featuredmedia":[{"embeddable":true,"href":"https:\/\/ivcie24.comith.eu\/fr\/wp-json\/wp\/v2\/media\/399"}],"wp:attachment":[{"href":"https:\/\/ivcie24.comith.eu\/fr\/wp-json\/wp\/v2\/media?parent=792"}],"curies":[{"name":"wp","href":"https:\/\/api.w.org\/{rel}","templated":true}]}}